{"id":336,"date":"2018-02-22T21:26:23","date_gmt":"2018-02-22T21:26:23","guid":{"rendered":"http:\/\/www.ecosoulericeira.com\/?page_id=336"},"modified":"2020-08-21T11:04:02","modified_gmt":"2020-08-21T11:04:02","slug":"localizacao","status":"publish","type":"page","link":"https:\/\/www.ecosoulericeira.com\/pt-pt\/localizacao\/","title":{"rendered":"Localiza\u00e7\u00e3o"},"content":{"rendered":"<div class=\"wpb-content-wrapper\">[vc_row fullwidth=&#8221;true&#8221; css=&#8221;.vc_custom_1522162309293{background-image: url(https:\/\/www.ecosoulericeira.com\/wp-content\/uploads\/2018\/03\/localizacao-topo-min.jpg?id=730) !important;background-position: center !important;background-repeat: no-repeat !important;background-size: cover !important;}&#8221;][vc_column][mk_padding_divider size=&#8221;380&#8243;][\/vc_column][\/vc_row][vc_row][vc_column][mk_padding_divider size=&#8221;90&#8243;][\/vc_column][\/vc_row][vc_row fullwidth=&#8221;true&#8221; fullwidth_content=&#8221;false&#8221; css=&#8221;.vc_custom_1519403772298{background-position: center !important;background-repeat: no-repeat !important;background-size: cover !important;}&#8221;][vc_column][vc_row_inner][vc_column_inner width=&#8221;1\/6&#8243;][\/vc_column_inner][vc_column_inner width=&#8221;2\/3&#8243;][vc_column_text css=&#8221;.vc_custom_1580234441456{margin-bottom: 0px !important;}&#8221;]\n<p style=\"text-align: center;\"><strong>Morada<\/strong><br \/>\nRua Bela Vista, 22. Entrada por Praceta Barril de Baixo s\/n.<br \/>\nPraia de S\u00e3o Juli\u00e3o &#8211; Ericeira World Surfing Reserve<br \/>\n2655-015. Barril de Baixo. Carvoeira &#8211; Mafra &#8211; Portugal.<\/p>\n<p style=\"text-align: center;\"><strong>Telefone \/ Email<\/strong><br \/>\n+351 934984922 \/ +351 934984912<br \/>\ninfo@ecosoulericeira.com<\/p>\n<p style=\"text-align: center;\"><strong>Coordenadas<\/strong><br \/>\n38\u00b055&#8217;52.9&#8243;N 9\u00b024&#8217;40.7&#8243;W<\/p>\n[\/vc_column_text][mk_padding_divider size=&#8221;30&#8243;][\/vc_column_inner][vc_column_inner width=&#8221;1\/6&#8243;][\/vc_column_inner][\/vc_row_inner][vc_row_inner][vc_column_inner width=&#8221;1\/6&#8243;][\/vc_column_inner][vc_column_inner width=&#8221;2\/3&#8243;][mk_custom_box padding_vertical=&#8221;15&#8243; padding_horizental=&#8221;15&#8243; margin_bottom=&#8221;0&#8243; animation=&#8221;fade-in&#8221; bg_color=&#8221;#ffffff&#8221; elevation_effect=&#8221;true&#8221;][mk_advanced_gmaps latitude=&#8221;38.931210&#8243; longitude=&#8221;-9.411314&#8243; address=&#8221;Eco Soul Ericeira&#8221; height=&#8221;463&#8243; map_zoom=&#8221;12&#8243;][\/mk_custom_box][mk_padding_divider size=&#8221;15&#8243;][\/vc_column_inner][vc_column_inner width=&#8221;1\/6&#8243;][\/vc_column_inner][\/vc_row_inner][\/vc_column][\/vc_row][vc_row fullwidth=&#8221;true&#8221; fullwidth_content=&#8221;false&#8221; css=&#8221;.vc_custom_1519413718061{border-bottom-width: 1px !important;border-bottom-color: #dddddd !important;border-bottom-style: solid !important;}&#8221;][vc_column][mk_padding_divider size=&#8221;25&#8243;][vc_column_text css=&#8221;.vc_custom_1595157267768{margin-bottom: 0px !important;}&#8221;]\n<h1 style=\"text-align: center;\">Localiza\u00e7\u00e3o<\/h1>\n[\/vc_column_text][vc_row_inner][vc_column_inner width=&#8221;1\/4&#8243;][\/vc_column_inner][vc_column_inner width=&#8221;1\/2&#8243;][vc_column_text css=&#8221;.vc_custom_1522162360281{margin-bottom: 0px !important;}&#8221;]\n<p style=\"text-align: center;\">Inserida em um ponto estrat\u00e9gico para o turismo de natureza e cidade. A 35 km de Lisboa, em frente \u00e0 praia de S\u00e3o Juli\u00e3o. Umas das mais belas praias de Sintra e a mais selvagem da Reserva mundial de Surf da Ericeira.<\/p>\n[\/vc_column_text][mk_button dimension=&#8221;flat&#8221; size=&#8221;medium&#8221; url=&#8221;https:\/\/www.google.pt\/maps\/place\/Eco+Soul+Ericeira+Guesthouse\/@38.9376663,-9.4178098,14.25z\/data=!4m5!3m4!1s0xd1ed87d5c6ff26d:0xb63328e7e3b37c48!8m2!3d38.931207!4d-9.411314?hl=pt-PT&#8221; target=&#8221;_blank&#8221; align=&#8221;center&#8221; margin_bottom=&#8221;0&#8243; margin_right=&#8221;0&#8243; bg_color=&#8221;#0096d3&#8243; btn_hover_bg=&#8221;#0066c6&#8243; btn_hover_txt_color=&#8221;#ffffff&#8221;]ABRIR MAPA[\/mk_button][\/vc_column_inner][vc_column_inner width=&#8221;1\/4&#8243;][\/vc_column_inner][\/vc_row_inner][mk_padding_divider size=&#8221;100&#8243;][\/vc_column][\/vc_row][vc_row][vc_column][mk_padding_divider size=&#8221;90&#8243;][\/vc_column][\/vc_row][vc_row fullwidth=&#8221;true&#8221; fullwidth_content=&#8221;false&#8221; css=&#8221;.vc_custom_1519403772298{background-position: center !important;background-repeat: no-repeat !important;background-size: cover !important;}&#8221;][vc_column][vc_row_inner][vc_column_inner width=&#8221;1\/2&#8243;][mk_custom_box padding_vertical=&#8221;15&#8243; padding_horizental=&#8221;15&#8243; margin_bottom=&#8221;0&#8243; animation=&#8221;fade-in&#8221; bg_color=&#8221;#ffffff&#8221; elevation_effect=&#8221;true&#8221;][mk_image src=&#8221;https:\/\/www.ecosoulericeira.com\/wp-content\/uploads\/2018\/04\/ericeira-min.jpg&#8221; image_size=&#8221;full&#8221; margin_bottom=&#8221;0&#8243; crop=&#8221;false&#8221;][\/mk_custom_box][mk_padding_divider size=&#8221;30&#8243;][vc_column_text css=&#8221;.vc_custom_1521131841388{margin-bottom: 0px !important;}&#8221;]\n<h3 style=\"text-align: center;\">Ericeira<\/h3>\n[\/vc_column_text][vc_column_text css=&#8221;.vc_custom_1547161044362{margin-bottom: 0px !important;padding-right: 3% !important;padding-left: 3% !important;}&#8221;]\n<p style=\"text-align: center;\">Estamos a 5km do Centro de Ericeira. Com uma panor\u00e2mica id\u00edlica sobre o Atl\u00e2ntico, a sua hist\u00f3ria, arte e tradi\u00e7\u00e3o a convertem em uma das vilas piscat\u00f3rias com mais encanto da Europa.<\/p>\n[\/vc_column_text][mk_button dimension=&#8221;flat&#8221; size=&#8221;medium&#8221; url=&#8221;https:\/\/www.google.pt\/maps\/dir\/Eco+Soul+Ericeira+Guesthouse,+Carvoeira\/Ericeira\/@38.9488627,-9.4233538,14z\/data=!3m1!4b1!4m14!4m13!1m5!1m1!1s0xd1ed87d5c6ff26d:0xb63328e7e3b37c48!2m2!1d-9.411314!2d38.931207!1m5!1m1!1s0xd1f279f791179b5:0xfdc9e731fcf4c17b!2m2!1d-9.4176169!2d38.9664933!3e0?hl=pt-PT&#8221; target=&#8221;_blank&#8221; align=&#8221;center&#8221; margin_bottom=&#8221;0&#8243; margin_right=&#8221;0&#8243; bg_color=&#8221;#0096d3&#8243; btn_hover_bg=&#8221;#0066c6&#8243; btn_hover_txt_color=&#8221;#ffffff&#8221;]VER TRAJECTO[\/mk_button][mk_padding_divider size=&#8221;20&#8243;][\/vc_column_inner][vc_column_inner width=&#8221;1\/2&#8243;][mk_custom_box padding_vertical=&#8221;15&#8243; padding_horizental=&#8221;15&#8243; margin_bottom=&#8221;0&#8243; animation=&#8221;fade-in&#8221; bg_color=&#8221;#ffffff&#8221; elevation_effect=&#8221;true&#8221;][mk_image src=&#8221;https:\/\/www.ecosoulericeira.com\/wp-content\/uploads\/2018\/04\/sintra-min.jpg&#8221; image_size=&#8221;full&#8221; margin_bottom=&#8221;0&#8243; crop=&#8221;false&#8221;][\/mk_custom_box][mk_padding_divider size=&#8221;30&#8243;][vc_column_text css=&#8221;.vc_custom_1521131852291{margin-bottom: 0px !important;}&#8221;]\n<h3 style=\"text-align: center;\">Sintra<\/h3>\n[\/vc_column_text][vc_column_text css=&#8221;.vc_custom_1547161057723{margin-bottom: 0px !important;padding-right: 3% !important;padding-left: 3% !important;}&#8221;]\n<p style=\"text-align: center;\">Estamos a 15km de Sintra, uma vila pitoresca, localizada entre colinas, que se destaca pelos seus edif\u00edcios hist\u00f3ricos, pal\u00e1cios requintados e jardins extravagantes constru\u00eddos pela nobreza.<\/p>\n[\/vc_column_text][mk_button dimension=&#8221;flat&#8221; size=&#8221;medium&#8221; url=&#8221;https:\/\/www.google.pt\/maps\/dir\/Eco+Soul+Ericeira+Guesthouse,+Carvoeira\/Sintra\/@38.8686151,-9.4624149,12z\/data=!3m1!4b1!4m14!4m13!1m5!1m1!1s0xd1ed87d5c6ff26d:0xb63328e7e3b37c48!2m2!1d-9.411314!2d38.931207!1m5!1m1!1s0xd1edac1a7510ee9:0x13585cc0b00f573c!2m2!1d-9.3816589!2d38.8028687!3e0?hl=pt-PT&#8221; target=&#8221;_blank&#8221; align=&#8221;center&#8221; margin_bottom=&#8221;0&#8243; margin_right=&#8221;0&#8243; bg_color=&#8221;#0096d3&#8243; btn_hover_bg=&#8221;#0066c6&#8243; btn_hover_txt_color=&#8221;#ffffff&#8221;]VER TRAJECTO[\/mk_button][mk_padding_divider size=&#8221;20&#8243;][\/vc_column_inner][\/vc_row_inner][mk_padding_divider size=&#8221;50&#8243;][\/vc_column][\/vc_row][vc_row fullwidth=&#8221;true&#8221; fullwidth_content=&#8221;false&#8221; css=&#8221;.vc_custom_1521132066108{border-bottom-width: 1px !important;background-position: center !important;background-repeat: no-repeat !important;background-size: cover !important;border-bottom-color: #c1c1c1 !important;border-bottom-style: solid !important;}&#8221;][vc_column][vc_row_inner][vc_column_inner width=&#8221;1\/2&#8243;][mk_custom_box padding_vertical=&#8221;15&#8243; padding_horizental=&#8221;15&#8243; margin_bottom=&#8221;0&#8243; animation=&#8221;fade-in&#8221; bg_color=&#8221;#ffffff&#8221; elevation_effect=&#8221;true&#8221;][mk_image src=&#8221;https:\/\/www.ecosoulericeira.com\/wp-content\/uploads\/2018\/04\/mafra-min.jpg&#8221; image_size=&#8221;full&#8221; margin_bottom=&#8221;0&#8243; crop=&#8221;false&#8221;][\/mk_custom_box][mk_padding_divider size=&#8221;30&#8243;][vc_column_text css=&#8221;.vc_custom_1521131936034{margin-bottom: 0px !important;}&#8221;]\n<h3 style=\"text-align: center;\">Mafra<\/h3>\n[\/vc_column_text][vc_column_text css=&#8221;.vc_custom_1547161078395{margin-bottom: 0px !important;padding-right: 3% !important;padding-left: 3% !important;}&#8221;]\n<p style=\"text-align: center;\">Estamos a 10km de Mafra, onde se encontra o Pal\u00e1cio de Mafra, um monumento barroco que re\u00fane um pal\u00e1cio, convento, bas\u00edlica e uma espectacular biblioteca, com mais de 300 anos de hist\u00f3ria.<\/p>\n[\/vc_column_text][mk_button dimension=&#8221;flat&#8221; size=&#8221;medium&#8221; url=&#8221;https:\/\/www.google.pt\/maps\/dir\/Eco+Soul+Ericeira+Guesthouse,+Carvoeira\/Mafra\/@38.9406524,-9.4067122,13z\/data=!3m1!4b1!4m14!4m13!1m5!1m1!1s0xd1ed87d5c6ff26d:0xb63328e7e3b37c48!2m2!1d-9.411314!2d38.931207!1m5!1m1!1s0xd1f28341307a0e5:0x500ebbde490e040!2m2!1d-9.3320856!2d38.9443106!3e0?hl=pt-PT&#8221; target=&#8221;_blank&#8221; align=&#8221;center&#8221; margin_bottom=&#8221;0&#8243; margin_right=&#8221;0&#8243; bg_color=&#8221;#0096d3&#8243; btn_hover_bg=&#8221;#0066c6&#8243; btn_hover_txt_color=&#8221;#ffffff&#8221;]VER TRAJECTO[\/mk_button][mk_padding_divider size=&#8221;20&#8243;][\/vc_column_inner][vc_column_inner width=&#8221;1\/2&#8243;][mk_custom_box padding_vertical=&#8221;15&#8243; padding_horizental=&#8221;15&#8243; margin_bottom=&#8221;0&#8243; animation=&#8221;fade-in&#8221; bg_color=&#8221;#ffffff&#8221; elevation_effect=&#8221;true&#8221;][mk_image src=&#8221;https:\/\/www.ecosoulericeira.com\/wp-content\/uploads\/2018\/04\/guincho-min.jpg&#8221; image_size=&#8221;full&#8221; margin_bottom=&#8221;0&#8243; crop=&#8221;false&#8221;][\/mk_custom_box][mk_padding_divider size=&#8221;30&#8243;][vc_column_text css=&#8221;.vc_custom_1521131946283{margin-bottom: 0px !important;}&#8221;]\n<h3 style=\"text-align: center;\">Cascais<\/h3>\n[\/vc_column_text][vc_column_text css=&#8221;.vc_custom_1547161095414{margin-bottom: 0px !important;padding-right: 3% !important;padding-left: 3% !important;}&#8221;]\n<p style=\"text-align: center;\">Estamos a 25km de Cascais, uma vila costeira cheia de encanto, com praias de areia branca, palacetes e ruas estreitas, onde poder\u00e1 passear e degustar as del\u00edcias da gastronomia portuguesa.<\/p>\n[\/vc_column_text][mk_button dimension=&#8221;flat&#8221; size=&#8221;medium&#8221; url=&#8221;https:\/\/www.google.pt\/maps\/dir\/Eco+Soul+Ericeira+Guesthouse,+Carvoeira\/Cascais\/@38.8148268,-9.5396958,11z\/data=!3m1!4b1!4m14!4m13!1m5!1m1!1s0xd1ed87d5c6ff26d:0xb63328e7e3b37c48!2m2!1d-9.411314!2d38.931207!1m5!1m1!1s0xd1ec47379b79a97:0x870d3b7e1807bbc2!2m2!1d-9.4222945!2d38.6970565!3e0?hl=pt-PT&#8221; target=&#8221;_blank&#8221; align=&#8221;center&#8221; margin_bottom=&#8221;0&#8243; margin_right=&#8221;0&#8243; bg_color=&#8221;#0096d3&#8243; btn_hover_bg=&#8221;#0066c6&#8243; btn_hover_txt_color=&#8221;#ffffff&#8221;]VER TRAJECTO[\/mk_button][mk_padding_divider size=&#8221;20&#8243;][\/vc_column_inner][\/vc_row_inner][mk_padding_divider size=&#8221;70&#8243;][\/vc_column][\/vc_row][vc_row fullwidth=&#8221;true&#8221; fullwidth_content=&#8221;false&#8221; css=&#8221;.vc_custom_1519413733765{background-color: #ffffff !important;}&#8221;][vc_column][mk_padding_divider size=&#8221;60&#8243;][vc_row_inner is_fullwidth_content=&#8221;false&#8221;][vc_column_inner width=&#8221;2\/3&#8243; offset=&#8221;vc_hidden-sm vc_hidden-xs&#8221;][vc_column_text css=&#8221;.vc_custom_1519327566919{margin-bottom: 0px !important;}&#8221;]\n<h2 style=\"text-align: left;\">Reserve Online<\/h2>\n[\/vc_column_text][\/vc_column_inner][vc_column_inner width=&#8221;1\/3&#8243;][\/vc_column_inner][\/vc_row_inner][vc_row_inner is_fullwidth_content=&#8221;false&#8221;][vc_column_inner width=&#8221;2\/3&#8243; offset=&#8221;vc_hidden-lg vc_hidden-md&#8221;][vc_column_text css=&#8221;.vc_custom_1522176057657{margin-bottom: 0px !important;}&#8221;]\n<h2 style=\"text-align: center;\">Reserve Online<\/h2>\n[\/vc_column_text][\/vc_column_inner][vc_column_inner width=&#8221;1\/3&#8243; offset=&#8221;vc_hidden-lg vc_hidden-md vc_hidden-sm vc_hidden-xs&#8221;][\/vc_column_inner][\/vc_row_inner][vc_row_inner is_fullwidth_content=&#8221;false&#8221;][vc_column_inner width=&#8221;2\/3&#8243; offset=&#8221;vc_hidden-sm vc_hidden-xs&#8221;][vc_column_text css=&#8221;.vc_custom_1522162508739{margin-bottom: 0px !important;}&#8221;]\n<p style=\"text-align: left;\">Ao reservar no website garante o melhor pre\u00e7o e tem acesso a promo\u00e7\u00f5es exclusivas.<br \/>\nReserve agora com confirma\u00e7\u00e3o imediata!<\/p>\n[\/vc_column_text][\/vc_column_inner][vc_column_inner width=&#8221;1\/3&#8243; offset=&#8221;vc_hidden-sm vc_hidden-xs&#8221;][mk_button dimension=&#8221;flat&#8221; size=&#8221;medium&#8221; url=&#8221;\/reservas\/&#8221; align=&#8221;center&#8221; margin_bottom=&#8221;0&#8243; margin_right=&#8221;0&#8243; bg_color=&#8221;#fff886&#8243; btn_hover_bg=&#8221;#000000&#8243; text_color=&#8221;dark&#8221; btn_hover_txt_color=&#8221;#ffffff&#8221;]RESERVAR AGORA[\/mk_button][\/vc_column_inner][\/vc_row_inner][vc_row_inner is_fullwidth_content=&#8221;false&#8221;][vc_column_inner width=&#8221;2\/3&#8243; offset=&#8221;vc_hidden-lg vc_hidden-md&#8221;][vc_column_text css=&#8221;.vc_custom_1522176097400{margin-bottom: 0px !important;}&#8221;]\n<p style=\"text-align: center;\">Ao reservar no website garante o melhor pre\u00e7o e tem acesso a promo\u00e7\u00f5es exclusivas. Reserve agora com confirma\u00e7\u00e3o imediata!<\/p>\n[\/vc_column_text][mk_padding_divider size=&#8221;10&#8243;][\/vc_column_inner][vc_column_inner width=&#8221;1\/3&#8243; offset=&#8221;vc_hidden-lg vc_hidden-md&#8221;][mk_button dimension=&#8221;flat&#8221; size=&#8221;medium&#8221; url=&#8221;\/reservas\/&#8221; align=&#8221;center&#8221; margin_bottom=&#8221;0&#8243; margin_right=&#8221;0&#8243; bg_color=&#8221;#fff886&#8243; btn_hover_bg=&#8221;#000000&#8243; text_color=&#8221;dark&#8221; btn_hover_txt_color=&#8221;#ffffff&#8221;]RESERVAR AGORA[\/mk_button][mk_padding_divider size=&#8221;20&#8243;][\/vc_column_inner][\/vc_row_inner][mk_padding_divider size=&#8221;50&#8243;][\/vc_column][\/vc_row][vc_row fullwidth=&#8221;true&#8221; css=&#8221;.vc_custom_1591788228221{border-top-width: 2px !important;background-image: url(https:\/\/www.ecosoulericeira.com\/wp-content\/uploads\/2018\/03\/footer-background-min-1-1.jpg?id=726) !important;background-position: center !important;background-repeat: no-repeat !important;background-size: cover !important;border-top-color: #c1c1c1 !important;border-top-style: solid !important;}&#8221;][vc_column][mk_padding_divider size=&#8221;80&#8243;][vc_column_text css=&#8221;.vc_custom_1591788052590{margin-bottom: 0px !important;}&#8221;]\n<p style=\"text-align: center;\"><strong><a href=\"\/\">Home<\/a>\u00a0 \u00a0<a href=\"\/quartos\/\">Quartos<\/a>\u00a0 \u00a0<a href=\"\/comodidades\/\">Comodidades<\/a>\u00a0 \u00a0<a href=\"\/pt-pt\/pacotes\/\">Pacotes<\/a>\u00a0 \u00a0<a href=\"\/pt-pt\/galeria\/\">Fotografias<\/a>\u00a0 \u00a0<a href=\"\/pt-pt\/virtualtour\/\">Tour Virtual<\/a>\u00a0 \u00a0<a href=\"\/pt-pt\/sobre-nos\/a-nossa-historia\/\">Hist\u00f3ria<\/a>\u00a0 \u00a0<a href=\"\/pt-pt\/sobre-nos\/sustentabilidade\/\">Sustentabilidade<\/a>\u00a0 \u00a0<a href=\"\/pt-pt\/reviews\/\">Reviews<\/a>\u00a0 \u00a0<a href=\"\/localizacao\/\">Localiza\u00e7\u00e3o<\/a>\u00a0 \u00a0<a href=\"\/pt-pt\/blogue\/\">Blogue<\/a>\u00a0 \u00a0<a href=\"\/contactos\/\">Contactos<\/a><\/strong><\/p>\n[\/vc_column_text][mk_divider style=&#8221;thin_solid&#8221; divider_width=&#8221;custom_width&#8221; custom_width=&#8221;25&#8243; thin_single_color=&#8221;#5b5b5b&#8221; thickness=&#8221;2&#8243; margin_top=&#8221;5&#8243;][vc_custom_heading text=&#8221;Siga-nos:&#8221; font_container=&#8221;tag:h5|font_size:24px|text_align:center|color:%23000000|line_height:34px&#8221; google_fonts=&#8221;font_family:Bitter%3Aregular%2Citalic%2C700|font_style:700%20bold%20regular%3A700%3Anormal&#8221;][vc_row_inner is_fullwidth_content=&#8221;false&#8221;][vc_column_inner][mk_social_networks size=&#8221;large&#8221; style=&#8221;simple-rounded&#8221; margin=&#8221;8&#8243; border_color=&#8221;#000000&#8243; bg_color=&#8221;#ffffff&#8221; bg_hover_color=&#8221;#0096d3&#8243; icon_color=&#8221;#000000&#8243; icon_hover_color=&#8221;#ffffff&#8221; align=&#8221;center&#8221; facebook=&#8221;https:\/\/www.facebook.com\/ecosoulericeira\/&#8221; instagram=&#8221;https:\/\/www.instagram.com\/ecosoulericeira\/&#8221;][\/vc_column_inner][\/vc_row_inner][mk_divider style=&#8221;thin_solid&#8221; divider_width=&#8221;custom_width&#8221; custom_width=&#8221;25&#8243; thin_single_color=&#8221;#5b5b5b&#8221; thickness=&#8221;2&#8243; margin_top=&#8221;5&#8243; margin_bottom=&#8221;30&#8243;][vc_column_text el_class=&#8221;textfooter&#8221; css=&#8221;.vc_custom_1591787939509{margin-bottom: 0px !important;}&#8221;]\n<p style=\"text-align: center;\"><span style=\"color: #000000;\"><a style=\"color: #000000;\" href=\"\/termos-condicoes\/\">Termos &amp; Condi\u00e7\u00f5es<\/a><strong>\u00a0 \u00a0<\/strong><\/span><span style=\"color: #000000;\"><a style=\"color: #000000;\" href=\"\/informacao-essencial\/\">Informa\u00e7\u00e3o Essencial<\/a>\u00a0 \u00a0<a style=\"color: #000000;\" href=\"\/pt-pt\/perguntas-frequentes\/\">Perguntas Frequentes<\/a><\/span><\/p>\n[\/vc_column_text][vc_custom_heading text=&#8221;Registo n\u00ba 35938\/AL&#8221; font_container=&#8221;tag:p|font_size:14px|text_align:center|color:%23000000|line_height:12px&#8221; google_fonts=&#8221;font_family:Source%20Sans%20Pro%3A200%2C200italic%2C300%2C300italic%2Cregular%2Citalic%2C600%2C600italic%2C700%2C700italic%2C900%2C900italic|font_style:400%20regular%3A400%3Anormal&#8221; link=&#8221;|||&#8221;][mk_padding_divider size=&#8221;10&#8243;][vc_row_inner][vc_column_inner width=&#8221;1\/3&#8243;][\/vc_column_inner][vc_column_inner width=&#8221;1\/3&#8243;][vc_raw_html]JTNDZGl2JTIwYWxpZ24lM0QlMjJjZW50ZXIlMjIlMjBpZCUzRCUyMlRBX2V4Y2VsbGVudDg1MiUyMiUyMGNsYXNzJTNEJTIyVEFfZXhjZWxsZW50JTIyJTNFJTNDdWwlMjBpZCUzRCUyMnBNUXVndmslMjIlMjBjbGFzcyUzRCUyMlRBX2xpbmtzJTIwNTU4eHRwdCUyMiUzRSUzQ2xpJTIwaWQlM0QlMjJZUGNpd0psOVBtMzAlMjIlMjBjbGFzcyUzRCUyMkxJSnZBWVJXTSUyMiUzRSUzQ2ElMjB0YXJnZXQlM0QlMjJfYmxhbmslMjIlMjBocmVmJTNEJTIyaHR0cHMlM0ElMkYlMkZ3d3cudHJpcGFkdmlzb3IuY28udWslMkZIb3RlbF9SZXZpZXctZzY1MjA4NC1kMTIyMzAxNDUtUmV2aWV3cy1FY29fU291bF9FcmljZWlyYV9HdWVzdGhvdXNlLUVyaWNlaXJhX01hZnJhX0xpc2Jvbl9EaXN0cmljdF9DZW50cmFsX1BvcnR1Z2FsLmh0bWwlMjIlM0UlM0NpbWclMjBzcmMlM0QlMjJodHRwcyUzQSUyRiUyRnN0YXRpYy50YWNkbi5jb20lMkZpbWcyJTJGYnJhbmRfcmVmcmVzaCUyRlRyaXBhZHZpc29yX2xvY2t1cF9ob3Jpem9udGFsX3NlY29uZGFyeV9yZWdpc3RlcmVkLnN2ZyUyMiUyMGFsdCUzRCUyMlRyaXBBZHZpc29yJTIyJTIwY2xhc3MlM0QlMjJ3aWRFWENJTUclMjIlMjBpZCUzRCUyMkNEU1dJREVYQ0xPR08lMjIlMkYlM0UlM0MlMkZhJTNFJTNDJTJGbGklM0UlM0MlMkZ1bCUzRSUzQyUyRmRpdiUzRSUzQ3NjcmlwdCUyMGFzeW5jJTIwc3JjJTNEJTIyaHR0cHMlM0ElMkYlMkZ3d3cuanNjYWNoZS5jb20lMkZ3ZWpzJTNGd3R5cGUlM0RleGNlbGxlbnQlMjZhbXAlM0J1bmlxJTNEODUyJTI2YW1wJTNCbG9jYXRpb25JZCUzRDEyMjMwMTQ1JTI2YW1wJTNCbGFuZyUzRGVuX1VLJTI2YW1wJTNCZGlzcGxheV92ZXJzaW9uJTNEMiUyMiUyMGRhdGEtbG9hZHRyayUyMG9ubG9hZCUzRCUyMnRoaXMubG9hZHRyayUzRHRydWUlMjIlM0UlM0MlMkZzY3JpcHQlM0U=[\/vc_raw_html][\/vc_column_inner][vc_column_inner width=&#8221;1\/3&#8243;][\/vc_column_inner][\/vc_row_inner][mk_padding_divider size=&#8221;10&#8243;][vc_custom_heading text=&#8221;Web Design &amp; Digital Marketing by: Revenize&#8221; font_container=&#8221;tag:p|font_size:12px|text_align:center|color:%23444444|line_height:18px&#8221; google_fonts=&#8221;font_family:Source%20Sans%20Pro%3A200%2C200italic%2C300%2C300italic%2Cregular%2Citalic%2C600%2C600italic%2C700%2C700italic%2C900%2C900italic|font_style:400%20regular%3A400%3Anormal&#8221; link=&#8221;url:http%3A%2F%2Fwww.revenize.pt%2F||target:%20_blank|&#8221;][mk_padding_divider size=&#8221;5&#8243;][\/vc_column][\/vc_row]\n<\/div>","protected":false},"excerpt":{"rendered":"<p>[vc_row fullwidth=&#8221;true&#8221; css=&#8221;.vc_custom_1522162309293{background-image: url(https:\/\/www.ecosoulericeira.com\/wp-content\/uploads\/2018\/03\/localizacao-topo-min.jpg?id=730) !important;background-position: center !important;background-repeat: no-repeat !important;background-size: cover !important;}&#8221;][vc_column][mk_padding_divider size=&#8221;380&#8243;][\/vc_column][\/vc_row][vc_row][vc_column][mk_padding_divider size=&#8221;90&#8243;][\/vc_column][\/vc_row][vc_row fullwidth=&#8221;true&#8221; fullwidth_content=&#8221;false&#8221; css=&#8221;.vc_custom_1519403772298{background-position: center !important;background-repeat: no-repeat !important;background-size: cover !important;}&#8221;][vc_column][vc_row_inner][vc_column_inner width=&#8221;1\/6&#8243;][\/vc_column_inner][vc_column_inner width=&#8221;2\/3&#8243;][vc_column_text css=&#8221;.vc_custom_1580234441456{margin-bottom: 0px !important;}&#8221;] Morada Rua Bela Vista, 22. Entrada por Praceta Barril de Baixo s\/n. Praia de S\u00e3o Juli\u00e3o &#8211; Ericeira World Surfing Reserve 2655-015. Barril de Baixo. Carvoeira &#8211; Mafra [&hellip;]<\/p>\n","protected":false},"author":1,"featured_media":0,"parent":0,"menu_order":0,"comment_status":"closed","ping_status":"closed","template":"","meta":{"footnotes":""},"class_list":["post-336","page","type-page","status-publish","hentry"],"yoast_head":"<!-- This site is optimized with the Yoast SEO plugin v26.9 - https:\/\/yoast.com\/product\/yoast-seo-wordpress\/ -->\n<title>Localiza\u00e7\u00e3o - Guest House Praia de S\u00e3o Juli\u00e3o - Eco Soul Ericeira<\/title>\n<meta name=\"description\" content=\"Guest House Praia de S\u00e3o Juli\u00e3o, inserida em um ponto estrat\u00e9gico para o turismo de natureza e cidade. A 35 km de Lisboa e a 15km de Sintra.\" \/>\n<meta name=\"robots\" content=\"index, follow, max-snippet:-1, max-image-preview:large, max-video-preview:-1\" \/>\n<link rel=\"canonical\" href=\"https:\/\/www.ecosoulericeira.com\/pt-pt\/localizacao\/\" \/>\n<meta property=\"og:locale\" content=\"pt_PT\" \/>\n<meta property=\"og:type\" content=\"article\" \/>\n<meta property=\"og:title\" content=\"Localiza\u00e7\u00e3o - Guest House Praia de S\u00e3o Juli\u00e3o - Eco Soul Ericeira\" \/>\n<meta property=\"og:description\" content=\"Guest House Praia de S\u00e3o Juli\u00e3o, inserida em um ponto estrat\u00e9gico para o turismo de natureza e cidade. A 35 km de Lisboa e a 15km de Sintra.\" \/>\n<meta property=\"og:url\" content=\"https:\/\/www.ecosoulericeira.com\/pt-pt\/localizacao\/\" \/>\n<meta property=\"og:site_name\" content=\"Eco Soul Ericeira\" \/>\n<meta property=\"article:modified_time\" content=\"2020-08-21T11:04:02+00:00\" \/>\n<meta name=\"twitter:card\" content=\"summary_large_image\" \/>\n<meta name=\"twitter:label1\" content=\"Tempo estimado de leitura\" \/>\n\t<meta name=\"twitter:data1\" content=\"11 minutos\" \/>\n<script type=\"application\/ld+json\" class=\"yoast-schema-graph\">{\"@context\":\"https:\/\/schema.org\",\"@graph\":[{\"@type\":\"WebPage\",\"@id\":\"https:\/\/www.ecosoulericeira.com\/pt-pt\/localizacao\/\",\"url\":\"https:\/\/www.ecosoulericeira.com\/pt-pt\/localizacao\/\",\"name\":\"Localiza\u00e7\u00e3o - Guest House Praia de S\u00e3o Juli\u00e3o - Eco Soul Ericeira\",\"isPartOf\":{\"@id\":\"https:\/\/www.ecosoulericeira.com\/es\/#website\"},\"datePublished\":\"2018-02-22T21:26:23+00:00\",\"dateModified\":\"2020-08-21T11:04:02+00:00\",\"description\":\"Guest House Praia de S\u00e3o Juli\u00e3o, inserida em um ponto estrat\u00e9gico para o turismo de natureza e cidade. A 35 km de Lisboa e a 15km de Sintra.\",\"breadcrumb\":{\"@id\":\"https:\/\/www.ecosoulericeira.com\/pt-pt\/localizacao\/#breadcrumb\"},\"inLanguage\":\"pt-PT\",\"potentialAction\":[{\"@type\":\"ReadAction\",\"target\":[\"https:\/\/www.ecosoulericeira.com\/pt-pt\/localizacao\/\"]}]},{\"@type\":\"BreadcrumbList\",\"@id\":\"https:\/\/www.ecosoulericeira.com\/pt-pt\/localizacao\/#breadcrumb\",\"itemListElement\":[{\"@type\":\"ListItem\",\"position\":1,\"name\":\"In\u00edcio\",\"item\":\"https:\/\/www.ecosoulericeira.com\/pt-pt\/\"},{\"@type\":\"ListItem\",\"position\":2,\"name\":\"Localiza\u00e7\u00e3o\"}]},{\"@type\":\"WebSite\",\"@id\":\"https:\/\/www.ecosoulericeira.com\/es\/#website\",\"url\":\"https:\/\/www.ecosoulericeira.com\/es\/\",\"name\":\"Eco Soul Ericeira\",\"description\":\"Ecological &amp; Charming Guesthouse\",\"potentialAction\":[{\"@type\":\"SearchAction\",\"target\":{\"@type\":\"EntryPoint\",\"urlTemplate\":\"https:\/\/www.ecosoulericeira.com\/es\/?s={search_term_string}\"},\"query-input\":{\"@type\":\"PropertyValueSpecification\",\"valueRequired\":true,\"valueName\":\"search_term_string\"}}],\"inLanguage\":\"pt-PT\"}]}<\/script>\n<!-- \/ Yoast SEO plugin. -->","yoast_head_json":{"title":"Localiza\u00e7\u00e3o - Guest House Praia de S\u00e3o Juli\u00e3o - Eco Soul Ericeira","description":"Guest House Praia de S\u00e3o Juli\u00e3o, inserida em um ponto estrat\u00e9gico para o turismo de natureza e cidade. A 35 km de Lisboa e a 15km de Sintra.","robots":{"index":"index","follow":"follow","max-snippet":"max-snippet:-1","max-image-preview":"max-image-preview:large","max-video-preview":"max-video-preview:-1"},"canonical":"https:\/\/www.ecosoulericeira.com\/pt-pt\/localizacao\/","og_locale":"pt_PT","og_type":"article","og_title":"Localiza\u00e7\u00e3o - Guest House Praia de S\u00e3o Juli\u00e3o - Eco Soul Ericeira","og_description":"Guest House Praia de S\u00e3o Juli\u00e3o, inserida em um ponto estrat\u00e9gico para o turismo de natureza e cidade. A 35 km de Lisboa e a 15km de Sintra.","og_url":"https:\/\/www.ecosoulericeira.com\/pt-pt\/localizacao\/","og_site_name":"Eco Soul Ericeira","article_modified_time":"2020-08-21T11:04:02+00:00","twitter_card":"summary_large_image","twitter_misc":{"Tempo estimado de leitura":"11 minutos"},"schema":{"@context":"https:\/\/schema.org","@graph":[{"@type":"WebPage","@id":"https:\/\/www.ecosoulericeira.com\/pt-pt\/localizacao\/","url":"https:\/\/www.ecosoulericeira.com\/pt-pt\/localizacao\/","name":"Localiza\u00e7\u00e3o - Guest House Praia de S\u00e3o Juli\u00e3o - Eco Soul Ericeira","isPartOf":{"@id":"https:\/\/www.ecosoulericeira.com\/es\/#website"},"datePublished":"2018-02-22T21:26:23+00:00","dateModified":"2020-08-21T11:04:02+00:00","description":"Guest House Praia de S\u00e3o Juli\u00e3o, inserida em um ponto estrat\u00e9gico para o turismo de natureza e cidade. A 35 km de Lisboa e a 15km de Sintra.","breadcrumb":{"@id":"https:\/\/www.ecosoulericeira.com\/pt-pt\/localizacao\/#breadcrumb"},"inLanguage":"pt-PT","potentialAction":[{"@type":"ReadAction","target":["https:\/\/www.ecosoulericeira.com\/pt-pt\/localizacao\/"]}]},{"@type":"BreadcrumbList","@id":"https:\/\/www.ecosoulericeira.com\/pt-pt\/localizacao\/#breadcrumb","itemListElement":[{"@type":"ListItem","position":1,"name":"In\u00edcio","item":"https:\/\/www.ecosoulericeira.com\/pt-pt\/"},{"@type":"ListItem","position":2,"name":"Localiza\u00e7\u00e3o"}]},{"@type":"WebSite","@id":"https:\/\/www.ecosoulericeira.com\/es\/#website","url":"https:\/\/www.ecosoulericeira.com\/es\/","name":"Eco Soul Ericeira","description":"Ecological &amp; Charming Guesthouse","potentialAction":[{"@type":"SearchAction","target":{"@type":"EntryPoint","urlTemplate":"https:\/\/www.ecosoulericeira.com\/es\/?s={search_term_string}"},"query-input":{"@type":"PropertyValueSpecification","valueRequired":true,"valueName":"search_term_string"}}],"inLanguage":"pt-PT"}]}},"_links":{"self":[{"href":"https:\/\/www.ecosoulericeira.com\/pt-pt\/wp-json\/wp\/v2\/pages\/336","targetHints":{"allow":["GET"]}}],"collection":[{"href":"https:\/\/www.ecosoulericeira.com\/pt-pt\/wp-json\/wp\/v2\/pages"}],"about":[{"href":"https:\/\/www.ecosoulericeira.com\/pt-pt\/wp-json\/wp\/v2\/types\/page"}],"author":[{"embeddable":true,"href":"https:\/\/www.ecosoulericeira.com\/pt-pt\/wp-json\/wp\/v2\/users\/1"}],"replies":[{"embeddable":true,"href":"https:\/\/www.ecosoulericeira.com\/pt-pt\/wp-json\/wp\/v2\/comments?post=336"}],"version-history":[{"count":0,"href":"https:\/\/www.ecosoulericeira.com\/pt-pt\/wp-json\/wp\/v2\/pages\/336\/revisions"}],"wp:attachment":[{"href":"https:\/\/www.ecosoulericeira.com\/pt-pt\/wp-json\/wp\/v2\/media?parent=336"}],"curies":[{"name":"wp","href":"https:\/\/api.w.org\/{rel}","templated":true}]}}